{"id":23,"date":"2016-04-27T16:34:11","date_gmt":"2016-04-27T16:34:11","guid":{"rendered":"http:\/\/kinex.estruturaconsult.com.br\/?page_id=23"},"modified":"2023-07-07T16:33:10","modified_gmt":"2023-07-07T16:33:10","slug":"profissionais","status":"publish","type":"page","link":"https:\/\/kinexfisioterapia.com.br\/site-novo\/profissionais\/","title":{"rendered":"Profissionais"},"content":{"rendered":"<div class=\"wpb-content-wrapper\"><p>[vc_row][vc_column]<section class=\"page-title page-title-center \">\n\t\t\t\t\t\t\t<div class=\"container\"><div class=\"row\"><div class=\"col-sm-12 text-center\">\n\t\t\t\t\t        \t<h1 class=\"heading-title mb0\"><\/h1>\n\t\t\t\t\t        \t<p class=\"lead fade-color mb0\">Nossa equipe de fisioterapeutas \u00e9 especializada na \u00e1rea esportiva e re\u00fane diferentes expertises para atender atletas profissionais, amadores e praticantes de atividades f\u00edsicas. Al\u00e9m disso, estamos inseridos no cen\u00e1rio desportivo de alto rendimento e trabalhamos com atletas de alto n\u00edvel na preven\u00e7\u00e3o e tratamento de les\u00f5es do aparelho locomotor.<\/p>\n\t\t\t\t\t\t\t<\/div><\/div><\/div><ol class=\"breadcrumb breadcrumb-style\"><li><a href=\"https:\/\/kinexfisioterapia.com.br\/site-novo\/\" class=\"home-link\" rel=\"home\">Home<\/a><\/li><li class=\"active\">Profissionais<\/li><\/ol><\/section><div class=\" row\"><div class=\"col-sm-4 text-center mb8\">\n    <div class=\"image-box image-round inner-title hover-reveal text-center mb0\">\n        <img fetchpriority=\"high\" decoding=\"async\" width=\"1707\" height=\"2560\" src=\"https:\/\/kinexfisioterapia.com.br\/site-novo\/wp-content\/uploads\/2023\/03\/Marina-Tolao-scaled-e1680123227484.jpg\" class=\"attachment-full size-full wp-post-image\" alt=\"\" srcset=\"https:\/\/kinexfisioterapia.com.br\/site-novo\/wp-content\/uploads\/2023\/03\/Marina-Tolao-scaled-e1680123227484.jpg 1707w, https:\/\/kinexfisioterapia.com.br\/site-novo\/wp-content\/uploads\/2023\/03\/Marina-Tolao-scaled-e1680123227484-200x300.jpg 200w, https:\/\/kinexfisioterapia.com.br\/site-novo\/wp-content\/uploads\/2023\/03\/Marina-Tolao-scaled-e1680123227484-683x1024.jpg 683w, https:\/\/kinexfisioterapia.com.br\/site-novo\/wp-content\/uploads\/2023\/03\/Marina-Tolao-scaled-e1680123227484-768x1152.jpg 768w, https:\/\/kinexfisioterapia.com.br\/site-novo\/wp-content\/uploads\/2023\/03\/Marina-Tolao-scaled-e1680123227484-1024x1536.jpg 1024w, https:\/\/kinexfisioterapia.com.br\/site-novo\/wp-content\/uploads\/2023\/03\/Marina-Tolao-scaled-e1680123227484-1366x2048.jpg 1366w, https:\/\/kinexfisioterapia.com.br\/site-novo\/wp-content\/uploads\/2023\/03\/Marina-Tolao-scaled-e1680123227484-600x900.jpg 600w\" sizes=\"(max-width: 1707px) 100vw, 1707px\" \/>        <div class=\"title\">\n            <h4 class=\"mb0\">\n            Marina Tol\u00e3o            <\/h4>\n                        <div class=\"content mb8\">Fisioterapeuta Esportiva\r\nGradua\u00e7\u00e3o Anhembi Morumbi (2012-2016)\r\nP\u00f3s - Graduada em Fisioterapia no Esporte CETE\/UNIFESP (2016-2017)\r\nKinex Fisioterapia \u2013 Vila Madalena (Desde 2017)\r\nEquipe de MMA Pro Capital da Luta \u2013 (2017 - 2022)\r\nS\u00f3cia - Especialista SONAFE (Desde 2019)\r\nCutwoman (Desde 2021)\r\nSele\u00e7\u00e3o Brasileira Jud\u00f4 - Categorias de Base (CBJ desde 2021)\r\nTeam Mineiro (2022)\r\nCursos de aprimoramento em Terapia Manual (Mulligan, Quiropraxia, Mobiliza\u00e7\u00e3o Neural,\r\nLibera\u00e7\u00e3o Mio Fascial), atualiza\u00e7\u00e3o em Eletrotermofototerapia e Reabilita\u00e7\u00e3o Funcional.<\/div>                    <\/div>\n    <\/div>\n<\/div><div class=\"col-sm-4 text-center mb8\">\n    <div class=\"image-box image-round inner-title hover-reveal text-center mb0\">\n        <img decoding=\"async\" width=\"1200\" height=\"1600\" src=\"https:\/\/kinexfisioterapia.com.br\/site-novo\/wp-content\/uploads\/2023\/03\/1-Marina-Stefani-Souza-da-Silva.jpg\" class=\"attachment-full size-full wp-post-image\" alt=\"\" srcset=\"https:\/\/kinexfisioterapia.com.br\/site-novo\/wp-content\/uploads\/2023\/03\/1-Marina-Stefani-Souza-da-Silva.jpg 1200w, https:\/\/kinexfisioterapia.com.br\/site-novo\/wp-content\/uploads\/2023\/03\/1-Marina-Stefani-Souza-da-Silva-225x300.jpg 225w, https:\/\/kinexfisioterapia.com.br\/site-novo\/wp-content\/uploads\/2023\/03\/1-Marina-Stefani-Souza-da-Silva-768x1024.jpg 768w, https:\/\/kinexfisioterapia.com.br\/site-novo\/wp-content\/uploads\/2023\/03\/1-Marina-Stefani-Souza-da-Silva-1152x1536.jpg 1152w\" sizes=\"(max-width: 1200px) 100vw, 1200px\" \/>        <div class=\"title\">\n            <h4 class=\"mb0\">\n            Marina Stefani Souza da Silva            <\/h4>\n                        <div class=\"content mb8\">Fisioterapeuta formada pela Universidade de Bras\u00edlia, com p\u00f3s-gradua\u00e7\u00e3o em Fisioterapia\r\nEsportiva pelo Centro de Traumato Ortopedia do Esporte - CETE, Especialista em\r\nFisioterapia Esportiva pela SONAFE, Especialista em Ci\u00eancia do Treinamento de For\u00e7a pela\r\nUFSCAR, Mestra em Ci\u00eancias da Sa\u00fade Aplicado ao Esporte e \u00e0 Atividade F\u00edsica pela\r\nUNIFESP e Fisioterapeuta da Sele\u00e7\u00e3o Brasileira de Basquetebol.<\/div>                    <\/div>\n    <\/div>\n<\/div><div class=\"col-sm-4 text-center mb8\">\n    <div class=\"image-box image-round inner-title hover-reveal text-center mb0\">\n        <img decoding=\"async\" width=\"720\" height=\"1280\" src=\"https:\/\/kinexfisioterapia.com.br\/site-novo\/wp-content\/uploads\/2023\/03\/Gabriel-Rocha-Teixeira.jpg\" class=\"attachment-full size-full wp-post-image\" alt=\"\" srcset=\"https:\/\/kinexfisioterapia.com.br\/site-novo\/wp-content\/uploads\/2023\/03\/Gabriel-Rocha-Teixeira.jpg 720w, https:\/\/kinexfisioterapia.com.br\/site-novo\/wp-content\/uploads\/2023\/03\/Gabriel-Rocha-Teixeira-169x300.jpg 169w, https:\/\/kinexfisioterapia.com.br\/site-novo\/wp-content\/uploads\/2023\/03\/Gabriel-Rocha-Teixeira-576x1024.jpg 576w\" sizes=\"(max-width: 720px) 100vw, 720px\" \/>        <div class=\"title\">\n            <h4 class=\"mb0\">\n            Gabriel Rocha Teixeira            <\/h4>\n                        <div class=\"content mb8\">P\u00f3s Graduado em Fisiologia do Exerc\u00edcio (UNIFESP) e Fisioterapia Esportiva (CETE)\r\nCursos de forma\u00e7\u00e3o em Pilates, Quiropraxia, Libera\u00e7\u00e3o Miofascial e Dry Needling<\/div>                    <\/div>\n    <\/div>\n<\/div><\/div><div class=\"row mt24\"><div class=\"col-sm-4 text-center mb8\">\n    <div class=\"image-box image-round inner-title hover-reveal text-center mb0\">\n        <img loading=\"lazy\" decoding=\"async\" width=\"1136\" height=\"1280\" src=\"https:\/\/kinexfisioterapia.com.br\/site-novo\/wp-content\/uploads\/2023\/02\/WhatsApp-Image-2023-03-19-at-19.18.31.jpeg\" class=\"attachment-full size-full wp-post-image\" alt=\"\" srcset=\"https:\/\/kinexfisioterapia.com.br\/site-novo\/wp-content\/uploads\/2023\/02\/WhatsApp-Image-2023-03-19-at-19.18.31.jpeg 1136w, https:\/\/kinexfisioterapia.com.br\/site-novo\/wp-content\/uploads\/2023\/02\/WhatsApp-Image-2023-03-19-at-19.18.31-266x300.jpeg 266w, https:\/\/kinexfisioterapia.com.br\/site-novo\/wp-content\/uploads\/2023\/02\/WhatsApp-Image-2023-03-19-at-19.18.31-909x1024.jpeg 909w, https:\/\/kinexfisioterapia.com.br\/site-novo\/wp-content\/uploads\/2023\/02\/WhatsApp-Image-2023-03-19-at-19.18.31-768x865.jpeg 768w, https:\/\/kinexfisioterapia.com.br\/site-novo\/wp-content\/uploads\/2023\/02\/WhatsApp-Image-2023-03-19-at-19.18.31-600x676.jpeg 600w\" sizes=\"(max-width: 1136px) 100vw, 1136px\" \/>        <div class=\"title\">\n            <h4 class=\"mb0\">\n            Gustavo Covolo somaio            <\/h4>\n                        <div class=\"content mb8\">Formado pelo centro universit\u00e1rio s\u00e3o Camilo, p\u00f3s gradua\u00e7\u00e3o em fisioterapia esportiva-unifesp, aprimoramento em fisioterapia esportiva- CETE e cursos de libera\u00e7\u00e3o miofacial e terapia manual<\/div>                    <\/div>\n    <\/div>\n<\/div><div class=\"col-sm-4 text-center mb8\">\n    <div class=\"image-box image-round inner-title hover-reveal text-center mb0\">\n        <img loading=\"lazy\" decoding=\"async\" width=\"828\" height=\"828\" src=\"https:\/\/kinexfisioterapia.com.br\/site-novo\/wp-content\/uploads\/2023\/02\/WhatsApp-Image-2023-03-16-at-15.29.23.jpeg\" class=\"attachment-full size-full wp-post-image\" alt=\"\" srcset=\"https:\/\/kinexfisioterapia.com.br\/site-novo\/wp-content\/uploads\/2023\/02\/WhatsApp-Image-2023-03-16-at-15.29.23.jpeg 828w, https:\/\/kinexfisioterapia.com.br\/site-novo\/wp-content\/uploads\/2023\/02\/WhatsApp-Image-2023-03-16-at-15.29.23-300x300.jpeg 300w, https:\/\/kinexfisioterapia.com.br\/site-novo\/wp-content\/uploads\/2023\/02\/WhatsApp-Image-2023-03-16-at-15.29.23-150x150.jpeg 150w, https:\/\/kinexfisioterapia.com.br\/site-novo\/wp-content\/uploads\/2023\/02\/WhatsApp-Image-2023-03-16-at-15.29.23-768x768.jpeg 768w, https:\/\/kinexfisioterapia.com.br\/site-novo\/wp-content\/uploads\/2023\/02\/WhatsApp-Image-2023-03-16-at-15.29.23-60x60.jpeg 60w, https:\/\/kinexfisioterapia.com.br\/site-novo\/wp-content\/uploads\/2023\/02\/WhatsApp-Image-2023-03-16-at-15.29.23-600x600.jpeg 600w, https:\/\/kinexfisioterapia.com.br\/site-novo\/wp-content\/uploads\/2023\/02\/WhatsApp-Image-2023-03-16-at-15.29.23-100x100.jpeg 100w\" sizes=\"(max-width: 828px) 100vw, 828px\" \/>        <div class=\"title\">\n            <h4 class=\"mb0\">\n            Luiz Eduardo Del Giudice Bauerle            <\/h4>\n                        <div class=\"content mb8\">Sou fisioterapeuta formado pela S\u00e3o Camilo (2020) e especializado em Fisioterapia Esportiva pelo CETE\/Unifesp (2021).<\/div>                    <\/div>\n    <\/div>\n<\/div><div class=\"col-sm-4 text-center mb8\">\n    <div class=\"image-box image-round inner-title hover-reveal text-center mb0\">\n        <img loading=\"lazy\" decoding=\"async\" width=\"1037\" height=\"1037\" src=\"https:\/\/kinexfisioterapia.com.br\/site-novo\/wp-content\/uploads\/2023\/02\/vitoria-fisio-1.jpg\" class=\"attachment-full size-full wp-post-image\" alt=\"\" srcset=\"https:\/\/kinexfisioterapia.com.br\/site-novo\/wp-content\/uploads\/2023\/02\/vitoria-fisio-1.jpg 1037w, https:\/\/kinexfisioterapia.com.br\/site-novo\/wp-content\/uploads\/2023\/02\/vitoria-fisio-1-300x300.jpg 300w, https:\/\/kinexfisioterapia.com.br\/site-novo\/wp-content\/uploads\/2023\/02\/vitoria-fisio-1-1024x1024.jpg 1024w, https:\/\/kinexfisioterapia.com.br\/site-novo\/wp-content\/uploads\/2023\/02\/vitoria-fisio-1-150x150.jpg 150w, https:\/\/kinexfisioterapia.com.br\/site-novo\/wp-content\/uploads\/2023\/02\/vitoria-fisio-1-768x768.jpg 768w, https:\/\/kinexfisioterapia.com.br\/site-novo\/wp-content\/uploads\/2023\/02\/vitoria-fisio-1-60x60.jpg 60w, https:\/\/kinexfisioterapia.com.br\/site-novo\/wp-content\/uploads\/2023\/02\/vitoria-fisio-1-600x600.jpg 600w, https:\/\/kinexfisioterapia.com.br\/site-novo\/wp-content\/uploads\/2023\/02\/vitoria-fisio-1-100x100.jpg 100w\" sizes=\"(max-width: 1037px) 100vw, 1037px\" \/>        <div class=\"title\">\n            <h4 class=\"mb0\">\n            Vit\u00f3ria Cristina de Oliveira Lima            <\/h4>\n                        <div class=\"content mb8\">Fisioterapeuta da Kinex, \u00e9 graduada em Fisioterapia pela Faculdades Metropolitanas Unidas (FMU). Possui especializa\u00e7\u00e3o em Fisioterapia Musculoesquel\u00e9tica pela Santa Casa de S\u00e3o Paulo e Aprimoramento em fisioterapia esportiva pelo CETE- Unifesp. Tem experi\u00eancia nas \u00e1reas de ortopedia, traumatologia e esporte. Possui certificado em Pilates completo, Reabilita\u00e7\u00e3o de cirurgias de Joelho e Quiropraxia esportiva.<\/div>                    <\/div>\n    <\/div>\n<\/div><\/div><div class=\"row mt24\"><div class=\"col-sm-4 text-center mb8\">\n    <div class=\"image-box image-round inner-title hover-reveal text-center mb0\">\n        <img loading=\"lazy\" decoding=\"async\" width=\"1037\" height=\"1037\" src=\"https:\/\/kinexfisioterapia.com.br\/site-novo\/wp-content\/uploads\/2023\/02\/aline-fisio.jpg\" class=\"attachment-full size-full wp-post-image\" alt=\"\" srcset=\"https:\/\/kinexfisioterapia.com.br\/site-novo\/wp-content\/uploads\/2023\/02\/aline-fisio.jpg 1037w, https:\/\/kinexfisioterapia.com.br\/site-novo\/wp-content\/uploads\/2023\/02\/aline-fisio-300x300.jpg 300w, https:\/\/kinexfisioterapia.com.br\/site-novo\/wp-content\/uploads\/2023\/02\/aline-fisio-1024x1024.jpg 1024w, https:\/\/kinexfisioterapia.com.br\/site-novo\/wp-content\/uploads\/2023\/02\/aline-fisio-150x150.jpg 150w, https:\/\/kinexfisioterapia.com.br\/site-novo\/wp-content\/uploads\/2023\/02\/aline-fisio-768x768.jpg 768w, https:\/\/kinexfisioterapia.com.br\/site-novo\/wp-content\/uploads\/2023\/02\/aline-fisio-60x60.jpg 60w, https:\/\/kinexfisioterapia.com.br\/site-novo\/wp-content\/uploads\/2023\/02\/aline-fisio-600x600.jpg 600w, https:\/\/kinexfisioterapia.com.br\/site-novo\/wp-content\/uploads\/2023\/02\/aline-fisio-100x100.jpg 100w\" sizes=\"(max-width: 1037px) 100vw, 1037px\" \/>        <div class=\"title\">\n            <h4 class=\"mb0\">\n            Aline Ferreira Zuca            <\/h4>\n                        <div class=\"content mb8\">Formada pela Universidade Paulista, P\u00f3s Graduada pela Santa Casa de S\u00e3o Paulo com especializa\u00e7\u00e3o em Joelho, Quadril, Esporte e Pediatria\r\nPossui forma\u00e7\u00e3o em Pilates, Quiropraxia esportiva e Conceito Mulligan.<\/div>                    <\/div>\n    <\/div>\n<\/div><div class=\"col-sm-4 text-center mb8\">\n    <div class=\"image-box image-round inner-title hover-reveal text-center mb0\">\n        <img loading=\"lazy\" decoding=\"async\" width=\"1200\" height=\"1600\" src=\"https:\/\/kinexfisioterapia.com.br\/site-novo\/wp-content\/uploads\/2023\/02\/WhatsApp-Image-2023-03-22-at-08.25.31.jpeg\" class=\"attachment-full size-full wp-post-image\" alt=\"\" srcset=\"https:\/\/kinexfisioterapia.com.br\/site-novo\/wp-content\/uploads\/2023\/02\/WhatsApp-Image-2023-03-22-at-08.25.31.jpeg 1200w, https:\/\/kinexfisioterapia.com.br\/site-novo\/wp-content\/uploads\/2023\/02\/WhatsApp-Image-2023-03-22-at-08.25.31-225x300.jpeg 225w, https:\/\/kinexfisioterapia.com.br\/site-novo\/wp-content\/uploads\/2023\/02\/WhatsApp-Image-2023-03-22-at-08.25.31-768x1024.jpeg 768w, https:\/\/kinexfisioterapia.com.br\/site-novo\/wp-content\/uploads\/2023\/02\/WhatsApp-Image-2023-03-22-at-08.25.31-1152x1536.jpeg 1152w, https:\/\/kinexfisioterapia.com.br\/site-novo\/wp-content\/uploads\/2023\/02\/WhatsApp-Image-2023-03-22-at-08.25.31-600x800.jpeg 600w\" sizes=\"(max-width: 1200px) 100vw, 1200px\" \/>        <div class=\"title\">\n            <h4 class=\"mb0\">\n            Camila Longo            <\/h4>\n                        <div class=\"content mb8\">Fisioterapeuta formada h\u00e1 13 anos especialista em ortopedia e esporte, ergonomia e Fisioterapia do trabalho, acupunturista e instrutora de pilates e moveflow.<\/div>                    <\/div>\n    <\/div>\n<\/div><div class=\"col-sm-4 text-center mb8\">\n    <div class=\"image-box image-round inner-title hover-reveal text-center mb0\">\n        <img loading=\"lazy\" decoding=\"async\" width=\"768\" height=\"1024\" src=\"https:\/\/kinexfisioterapia.com.br\/site-novo\/wp-content\/uploads\/2023\/02\/WhatsApp-Image-2023-03-15-at-12.59.06.jpeg\" class=\"attachment-full size-full wp-post-image\" alt=\"\" srcset=\"https:\/\/kinexfisioterapia.com.br\/site-novo\/wp-content\/uploads\/2023\/02\/WhatsApp-Image-2023-03-15-at-12.59.06.jpeg 768w, https:\/\/kinexfisioterapia.com.br\/site-novo\/wp-content\/uploads\/2023\/02\/WhatsApp-Image-2023-03-15-at-12.59.06-225x300.jpeg 225w, https:\/\/kinexfisioterapia.com.br\/site-novo\/wp-content\/uploads\/2023\/02\/WhatsApp-Image-2023-03-15-at-12.59.06-600x800.jpeg 600w\" sizes=\"(max-width: 768px) 100vw, 768px\" \/>        <div class=\"title\">\n            <h4 class=\"mb0\">\n            Patrick Almeida e Silva            <\/h4>\n                        <div class=\"content mb8\">Fisioterapeuta graduado pela Universidade Federal dos Vales do Jequitinhonha e Mucuri (UFVJM), em Diamantina-MG; p\u00f3s-graduado em Movimento Humano pela Propuls\u00e3o, em Belo Horizonte; mestrando em Reabilita\u00e7\u00e3o e Desempenho Funcional, pela UFVJM (Diamantina-MG); com experi\u00eancia nas \u00e1rea ortop\u00e9dica, esportiva, an\u00e1lise de movimento e fisiologia do exerc\u00edcio, e passagem por institui\u00e7\u00f5es, como a Sociedade Esportiva Palmeiras.<\/div>                    <\/div>\n    <\/div>\n<\/div><\/div><div class=\"row mt24\"><div class=\"col-sm-4 text-center mb8\">\n    <div class=\"image-box image-round inner-title hover-reveal text-center mb0\">\n        <img loading=\"lazy\" decoding=\"async\" width=\"486\" height=\"488\" src=\"https:\/\/kinexfisioterapia.com.br\/site-novo\/wp-content\/uploads\/2019\/05\/klever_kinex-e1557233331461.jpeg\" class=\"attachment-full size-full wp-post-image\" alt=\"\" srcset=\"https:\/\/kinexfisioterapia.com.br\/site-novo\/wp-content\/uploads\/2019\/05\/klever_kinex-e1557233331461.jpeg 486w, https:\/\/kinexfisioterapia.com.br\/site-novo\/wp-content\/uploads\/2019\/05\/klever_kinex-e1557233331461-300x300.jpeg 300w, https:\/\/kinexfisioterapia.com.br\/site-novo\/wp-content\/uploads\/2019\/05\/klever_kinex-e1557233331461-100x100.jpeg 100w, https:\/\/kinexfisioterapia.com.br\/site-novo\/wp-content\/uploads\/2019\/05\/klever_kinex-e1557233331461-150x150.jpeg 150w\" sizes=\"(max-width: 486px) 100vw, 486px\" \/>        <div class=\"title\">\n            <h4 class=\"mb0\">\n            Klever Shinji Fujikawa            <\/h4>\n                        <div class=\"content mb8\">Fisioterapeuta pela Universidade Federal de S\u00e3o Paulo (UNIFESP), especialista em Fisioterapia no Esporte pelo Centro de Traumato-Ortopedia do Esporte (CETE\/UNIFESP), especialista em Fisioterapia Esportiva pelo Conselho Federal de Fisioterapia e Terapia Ocupacional (COFFITO) e s\u00f3cio da Sociedade Nacional de Fisioterapia Esportiva (SONAFE). Atualmente, \u00e9 aluno do curso de especializa\u00e7\u00e3o em Osteopatia pelo Instituto Docusse de Osteopatia e Terapia Manual (IDOT).\r\n\r\n&nbsp;<\/div>            \t<ul class=\"list-inline social-list social-icons text-center\">\n\t\t<li><a href=\"\/modal\" target=\"_blank\"><i class=\"icon Ver perfil\"><\/i><\/a><\/li>\t<\/ul>\t\n        <\/div>\n    <\/div>\n<\/div><\/div>[\/vc_column][vc_column][\/vc_column][\/vc_row]<\/p>\n<\/div>","protected":false},"excerpt":{"rendered":"<p>[vc_row][vc_column][\/vc_column][vc_column][\/vc_column][\/vc_row]<\/p>\n","protected":false},"author":2,"featured_media":0,"parent":0,"menu_order":0,"comment_status":"closed","ping_status":"closed","template":"","meta":{"_acf_changed":false,"_monsterinsights_skip_tracking":false,"_monsterinsights_sitenote_active":false,"_monsterinsights_sitenote_note":"","_monsterinsights_sitenote_category":0,"footnotes":""},"class_list":["post-23","page","type-page","status-publish","hentry"],"acf":[],"yoast_head":"<!-- This site is optimized with the Yoast SEO plugin v27.2 - https:\/\/yoast.com\/product\/yoast-seo-wordpress\/ -->\n<title>Cl\u00ednica Kinex Fisioterapia Profissionais<\/title>\n<meta name=\"description\" content=\"Todos os Profissionais fisioterapeutas da cl\u00ednica Kinex tem forma\u00e7\u00e3o em fisioterapia esportiva, vasto curr\u00edculo na \u00e1rea e excelente atendimento.\" \/>\n<meta name=\"robots\" content=\"index, follow, max-snippet:-1, max-image-preview:large, max-video-preview:-1\" \/>\n<link rel=\"canonical\" href=\"https:\/\/kinexfisioterapia.com.br\/site-novo\/profissionais\/\" \/>\n<meta property=\"og:locale\" content=\"pt_BR\" \/>\n<meta property=\"og:type\" content=\"article\" \/>\n<meta property=\"og:title\" content=\"Cl\u00ednica Kinex Fisioterapia Profissionais\" \/>\n<meta property=\"og:description\" content=\"Todos os Profissionais fisioterapeutas da cl\u00ednica Kinex tem forma\u00e7\u00e3o em fisioterapia esportiva, vasto curr\u00edculo na \u00e1rea e excelente atendimento.\" \/>\n<meta property=\"og:url\" content=\"https:\/\/kinexfisioterapia.com.br\/site-novo\/profissionais\/\" \/>\n<meta property=\"og:site_name\" content=\"Kinex Fisioterapia\" \/>\n<meta property=\"article:modified_time\" content=\"2023-07-07T16:33:10+00:00\" \/>\n<meta name=\"twitter:card\" content=\"summary_large_image\" \/>\n<meta name=\"twitter:label1\" content=\"Est. tempo de leitura\" \/>\n\t<meta name=\"twitter:data1\" content=\"1 minuto\" \/>\n<script type=\"application\/ld+json\" class=\"yoast-schema-graph\">{\"@context\":\"https:\/\/schema.org\",\"@graph\":[{\"@type\":\"WebPage\",\"@id\":\"https:\/\/kinexfisioterapia.com.br\/site-novo\/profissionais\/\",\"url\":\"https:\/\/kinexfisioterapia.com.br\/site-novo\/profissionais\/\",\"name\":\"Cl\u00ednica Kinex Fisioterapia Profissionais\",\"isPartOf\":{\"@id\":\"https:\/\/kinexfisioterapia.com.br\/site-novo\/#website\"},\"datePublished\":\"2016-04-27T16:34:11+00:00\",\"dateModified\":\"2023-07-07T16:33:10+00:00\",\"description\":\"Todos os Profissionais fisioterapeutas da cl\u00ednica Kinex tem forma\u00e7\u00e3o em fisioterapia esportiva, vasto curr\u00edculo na \u00e1rea e excelente atendimento.\",\"inLanguage\":\"pt-BR\",\"potentialAction\":[{\"@type\":\"ReadAction\",\"target\":[\"https:\/\/kinexfisioterapia.com.br\/site-novo\/profissionais\/\"]}]},{\"@type\":\"WebSite\",\"@id\":\"https:\/\/kinexfisioterapia.com.br\/site-novo\/#website\",\"url\":\"https:\/\/kinexfisioterapia.com.br\/site-novo\/\",\"name\":\"Kinex Fisioterapia\",\"description\":\"Sa\u00fade e cuidado perto de voc\u00ea\",\"potentialAction\":[{\"@type\":\"SearchAction\",\"target\":{\"@type\":\"EntryPoint\",\"urlTemplate\":\"https:\/\/kinexfisioterapia.com.br\/site-novo\/?s={search_term_string}\"},\"query-input\":{\"@type\":\"PropertyValueSpecification\",\"valueRequired\":true,\"valueName\":\"search_term_string\"}}],\"inLanguage\":\"pt-BR\"}]}<\/script>\n<!-- \/ Yoast SEO plugin. -->","yoast_head_json":{"title":"Cl\u00ednica Kinex Fisioterapia Profissionais","description":"Todos os Profissionais fisioterapeutas da cl\u00ednica Kinex tem forma\u00e7\u00e3o em fisioterapia esportiva, vasto curr\u00edculo na \u00e1rea e excelente atendimento.","robots":{"index":"index","follow":"follow","max-snippet":"max-snippet:-1","max-image-preview":"max-image-preview:large","max-video-preview":"max-video-preview:-1"},"canonical":"https:\/\/kinexfisioterapia.com.br\/site-novo\/profissionais\/","og_locale":"pt_BR","og_type":"article","og_title":"Cl\u00ednica Kinex Fisioterapia Profissionais","og_description":"Todos os Profissionais fisioterapeutas da cl\u00ednica Kinex tem forma\u00e7\u00e3o em fisioterapia esportiva, vasto curr\u00edculo na \u00e1rea e excelente atendimento.","og_url":"https:\/\/kinexfisioterapia.com.br\/site-novo\/profissionais\/","og_site_name":"Kinex Fisioterapia","article_modified_time":"2023-07-07T16:33:10+00:00","twitter_card":"summary_large_image","twitter_misc":{"Est. tempo de leitura":"1 minuto"},"schema":{"@context":"https:\/\/schema.org","@graph":[{"@type":"WebPage","@id":"https:\/\/kinexfisioterapia.com.br\/site-novo\/profissionais\/","url":"https:\/\/kinexfisioterapia.com.br\/site-novo\/profissionais\/","name":"Cl\u00ednica Kinex Fisioterapia Profissionais","isPartOf":{"@id":"https:\/\/kinexfisioterapia.com.br\/site-novo\/#website"},"datePublished":"2016-04-27T16:34:11+00:00","dateModified":"2023-07-07T16:33:10+00:00","description":"Todos os Profissionais fisioterapeutas da cl\u00ednica Kinex tem forma\u00e7\u00e3o em fisioterapia esportiva, vasto curr\u00edculo na \u00e1rea e excelente atendimento.","inLanguage":"pt-BR","potentialAction":[{"@type":"ReadAction","target":["https:\/\/kinexfisioterapia.com.br\/site-novo\/profissionais\/"]}]},{"@type":"WebSite","@id":"https:\/\/kinexfisioterapia.com.br\/site-novo\/#website","url":"https:\/\/kinexfisioterapia.com.br\/site-novo\/","name":"Kinex Fisioterapia","description":"Sa\u00fade e cuidado perto de voc\u00ea","potentialAction":[{"@type":"SearchAction","target":{"@type":"EntryPoint","urlTemplate":"https:\/\/kinexfisioterapia.com.br\/site-novo\/?s={search_term_string}"},"query-input":{"@type":"PropertyValueSpecification","valueRequired":true,"valueName":"search_term_string"}}],"inLanguage":"pt-BR"}]}},"_links":{"self":[{"href":"https:\/\/kinexfisioterapia.com.br\/site-novo\/wp-json\/wp\/v2\/pages\/23","targetHints":{"allow":["GET"]}}],"collection":[{"href":"https:\/\/kinexfisioterapia.com.br\/site-novo\/wp-json\/wp\/v2\/pages"}],"about":[{"href":"https:\/\/kinexfisioterapia.com.br\/site-novo\/wp-json\/wp\/v2\/types\/page"}],"author":[{"embeddable":true,"href":"https:\/\/kinexfisioterapia.com.br\/site-novo\/wp-json\/wp\/v2\/users\/2"}],"replies":[{"embeddable":true,"href":"https:\/\/kinexfisioterapia.com.br\/site-novo\/wp-json\/wp\/v2\/comments?post=23"}],"version-history":[{"count":9,"href":"https:\/\/kinexfisioterapia.com.br\/site-novo\/wp-json\/wp\/v2\/pages\/23\/revisions"}],"predecessor-version":[{"id":6665,"href":"https:\/\/kinexfisioterapia.com.br\/site-novo\/wp-json\/wp\/v2\/pages\/23\/revisions\/6665"}],"wp:attachment":[{"href":"https:\/\/kinexfisioterapia.com.br\/site-novo\/wp-json\/wp\/v2\/media?parent=23"}],"curies":[{"name":"wp","href":"https:\/\/api.w.org\/{rel}","templated":true}]}}