{"id":27,"date":"2016-04-27T16:36:11","date_gmt":"2016-04-27T16:36:11","guid":{"rendered":"http:\/\/kinex.estruturaconsult.com.br\/?page_id=27"},"modified":"2024-04-09T09:11:41","modified_gmt":"2024-04-09T09:11:41","slug":"unidades","status":"publish","type":"page","link":"https:\/\/kinexfisioterapia.com.br\/site-novo\/unidades\/","title":{"rendered":"Conhe\u00e7a nossas unidades"},"content":{"rendered":"<div class=\"wpb-content-wrapper\"><p>[vc_row tlg_background_style=&#8221;bg-dark&#8221; el_id=&#8221;timetable&#8221; css=&#8221;.vc_custom_1685994955041{background-color: #ffffff !important;}&#8221;][vc_column]<div class=\"headings-title  wpb_animate_when_almost_visible wpb_bottom-to-top bottom-to-top\"><div class=\"mb72  mb-xs-40 text-center\"><h5 style=\"color:#000000!important;font-size:14px;line-height:24px;text-transform: uppercase!important;\" class=\"widgettitle \">UNIDADES<\/h5><div class=\"divider-wrap\"><div  class=\"tlg-divider\"><\/div><\/div><div style=\"color:#000000!important;text-transform: none!important;\" class=\"widgetsubtitle\">Entre em contato com a unidade da sua prefer\u00eancia e agende j\u00e1 uma consulta<\/div><\/div><\/div>[vc_row_inner css=&#8221;.vc_custom_1688750792369{margin-right: 0px !important;margin-left: 0px !important;padding-right: 0px !important;padding-left: 00px !important;}&#8221;][vc_column_inner]<div class=\" wpb_animate_when_almost_visible wpb_left-to-right left-to-right timeline\"><article class=\"timeline-item\">\r\n\t\t\t\t\t<div class=\"timeline-date\"><div class=\"linetime\"><div class=\"month-text pt10\">VILA MADALENA<\/div><\/div><\/div>\r\n\t\t\t\t\t<div class=\"timeline-body\"><div class=\"timeline-text\"><\/p>\n<p style=\"text-align: center;\"><strong>Rua Girassol, 675<\/strong><br \/>\n<strong>Academia Aquasport<\/strong><br \/>\n<strong><i class=\"fa fa-whatsapp\"><\/i>\u00a0<a href=\"https:\/\/api.whatsapp.com\/send?phone=5511997372548\" target=\"_blank\" rel=\"noopener\">11 99737-2548<\/a><\/strong><\/p>\n<style type=\"text\/css\">\n\t\t\t#gallery-1 {\n\t\t\t\tmargin: auto;\n\t\t\t}\n\t\t\t#gallery-1 .gallery-item {\n\t\t\t\tfloat: left;\n\t\t\t\tmargin-top: 10px;\n\t\t\t\ttext-align: center;\n\t\t\t\twidth: 100%;\n\t\t\t}\n\t\t\t#gallery-1 img {\n\t\t\t\tborder: 2px solid #cfcfcf;\n\t\t\t}\n\t\t\t#gallery-1 .gallery-caption {\n\t\t\t\tmargin-left: 0;\n\t\t\t}\n\t\t\t\/* see gallery_shortcode() in wp-includes\/media.php *\/\n\t\t<\/style>\n<div id='gallery-1' class='gallery galleryid-27 gallery-columns-1 gallery-size-large'>\n<dl class='gallery-item'>\n<dt class='gallery-icon landscape'>\n\t\t\t\t<a href='https:\/\/kinexfisioterapia.com.br\/site-novo\/unidades\/vm2021-05-28-2\/'><img fetchpriority=\"high\" decoding=\"async\" width=\"510\" height=\"510\" src=\"https:\/\/kinexfisioterapia.com.br\/site-novo\/wp-content\/uploads\/2023\/06\/vm2021-05-28-1.png\" class=\"attachment-large size-large\" alt=\"\" srcset=\"https:\/\/kinexfisioterapia.com.br\/site-novo\/wp-content\/uploads\/2023\/06\/vm2021-05-28-1.png 510w, https:\/\/kinexfisioterapia.com.br\/site-novo\/wp-content\/uploads\/2023\/06\/vm2021-05-28-1-300x300.png 300w, https:\/\/kinexfisioterapia.com.br\/site-novo\/wp-content\/uploads\/2023\/06\/vm2021-05-28-1-150x150.png 150w, https:\/\/kinexfisioterapia.com.br\/site-novo\/wp-content\/uploads\/2023\/06\/vm2021-05-28-1-60x60.png 60w\" sizes=\"(max-width: 510px) 100vw, 510px\" \/><\/a>\n\t\t\t<\/dt>\n<\/dl>\n<p><br style=\"clear: both\" \/>\n\t\t<\/div>\n<p>&nbsp;<\/p>\n<p style=\"color: #000000; text-align: left;\"><strong>Galeria de Fotos<\/strong><\/p>\n<div class=\"lightbox-gallery lightbox-fullwidth mt16 mt0-vc third-thumbs\" data-gallery-title=\"Conhe\u00e7a nossas unidades\">\n<ul>\n<li>\n\t\t    \t    \t\t\t\t\t<a href=\"https:\/\/kinexfisioterapia.com.br\/site-novo\/wp-content\/uploads\/2023\/06\/madalena.jpg\" data-lightbox=\"true\" data-title=\"\"><\/p>\n<div class=\"image-box hover-meta plus-cursor text-center\">\n\t\t\t\t\t\t\t\t\t\t\t    <img decoding=\"async\" src=\"https:\/\/kinexfisioterapia.com.br\/site-novo\/wp-content\/uploads\/2023\/06\/madalena.jpg\" alt=\"gallery-item\" \/><\/p>\n<div class=\"meta-caption\">\n<h5 class=\"color-white to-top mb8\"><\/h5>\n<h6 class=\"color-white to-top-after\"><\/h6>\n<\/p><\/div><\/div>\n<p>\t\t    \t    \t        \t\t<\/a>\n\t\t    \t    \t        \t<\/li>\n<\/ul>\n<\/div>\n<p style=\"color: #000000; text-align: left;\"><strong>Hor\u00e1rios da Unidade Vila Madalena<\/strong><\/p>\n<table style=\"height: 270px;\" width=\"346\">\n<tbody>\n<tr>\n<th scope=\"col\"><\/th>\n<th scope=\"col\"><\/th>\n<\/tr>\n<tr>\n<td>Segunda<\/td>\n<td>\n<div class=\"hrRangeGrp\">\n<div class=\"hrRange\">07:00 \u2012 21:00<\/div>\n<\/div>\n<\/td>\n<\/tr>\n<tr>\n<td>Ter\u00e7a<\/td>\n<td>\n<div class=\"hrRangeGrp\">\n<div class=\"hrRange\">07:00 \u2012 21:00<\/div>\n<\/div>\n<\/td>\n<\/tr>\n<tr>\n<td>Quarta<\/td>\n<td>\n<div class=\"hrRangeGrp\">\n<div class=\"hrRange\">07:00 \u2012 21:00<\/div>\n<\/div>\n<\/td>\n<\/tr>\n<tr>\n<td><span class=\"e_bold\">Quinta<\/span><\/td>\n<td>\n<div class=\"hrRangeGrp\">\n<div class=\"hrRange\"><span class=\"e_bold\">07:00 \u2012 21:00<\/span><\/div>\n<\/div>\n<\/td>\n<\/tr>\n<tr>\n<td>Sexta<\/td>\n<td>\n<div class=\"hrRangeGrp\">\n<div class=\"hrRange\">07:00 \u2012 21:00<\/div>\n<\/div>\n<\/td>\n<\/tr>\n<tr>\n<td>S\u00e1bado<\/td>\n<td>\n<div class=\"hrRangeGrp\">\n<div class=\"hrRange\">Fechado<\/div>\n<\/div>\n<\/td>\n<\/tr>\n<tr>\n<td>Domingo<\/td>\n<td>\n<div class=\"hrRangeGrp\">\n<div class=\"hrRange\">Fechado<\/div>\n<\/div>\n<\/td>\n<\/tr>\n<\/tbody>\n<\/table>\n<p>\n\r\n\t\t\t\t\t<\/div><\/div>\r\n\t\t\t\t<\/article><article class=\"timeline-item\">\r\n\t\t\t\t\t<div class=\"timeline-date\"><div class=\"linetime\"><div class=\"month-text pt10\">PAULISTA<\/div><\/div><\/div>\r\n\t\t\t\t\t<div class=\"timeline-body\"><div class=\"timeline-text\"><p>Conjunto Nacional<br \/>\nAv. Paulista, 2073, Terra\u00e7o 2<br \/>\nAcademia Bio Ritmo<br \/>\n<i class=\"fa fa-whatsapp\"><\/i>\u00a0<a href=\"https:\/\/api.whatsapp.com\/send?phone=5511932929282\" target=\"_blank\" rel=\"noopener\">11 93292-9282<\/a><\/p>\n<style type=\"text\/css\">\n\t\t\t#gallery-3 {\n\t\t\t\tmargin: auto;\n\t\t\t}\n\t\t\t#gallery-3 .gallery-item {\n\t\t\t\tfloat: left;\n\t\t\t\tmargin-top: 10px;\n\t\t\t\ttext-align: center;\n\t\t\t\twidth: 100%;\n\t\t\t}\n\t\t\t#gallery-3 img {\n\t\t\t\tborder: 2px solid #cfcfcf;\n\t\t\t}\n\t\t\t#gallery-3 .gallery-caption {\n\t\t\t\tmargin-left: 0;\n\t\t\t}\n\t\t\t\/* see gallery_shortcode() in wp-includes\/media.php *\/\n\t\t<\/style>\n<div id='gallery-3' class='gallery galleryid-27 gallery-columns-1 gallery-size-large'>\n<dl class='gallery-item'>\n<dt class='gallery-icon landscape'>\n\t\t\t\t<a href='https:\/\/kinexfisioterapia.com.br\/site-novo\/unidades\/paulistam2020-10-28\/'><img decoding=\"async\" width=\"510\" height=\"510\" src=\"https:\/\/kinexfisioterapia.com.br\/site-novo\/wp-content\/uploads\/2023\/06\/paulistam2020-10-28.png\" class=\"attachment-large size-large\" alt=\"\" srcset=\"https:\/\/kinexfisioterapia.com.br\/site-novo\/wp-content\/uploads\/2023\/06\/paulistam2020-10-28.png 510w, https:\/\/kinexfisioterapia.com.br\/site-novo\/wp-content\/uploads\/2023\/06\/paulistam2020-10-28-300x300.png 300w, https:\/\/kinexfisioterapia.com.br\/site-novo\/wp-content\/uploads\/2023\/06\/paulistam2020-10-28-150x150.png 150w, https:\/\/kinexfisioterapia.com.br\/site-novo\/wp-content\/uploads\/2023\/06\/paulistam2020-10-28-60x60.png 60w\" sizes=\"(max-width: 510px) 100vw, 510px\" \/><\/a>\n\t\t\t<\/dt>\n<\/dl>\n<p><br style=\"clear: both\" \/>\n\t\t<\/div>\n<p>&nbsp;<\/p>\n<p style=\"color: #000000; text-align: left;\"><strong>Galeria de Fotos<\/strong><\/p>\n<div class=\"lightbox-gallery mt16 mt0-vc third-thumbs\" data-gallery-title=\"Conhe\u00e7a nossas unidades\">\n<ul>\n<li>\n\t\t    \t    \t\t\t\t\t<a href=\"https:\/\/kinexfisioterapia.com.br\/site-novo\/wp-content\/uploads\/2023\/06\/paulista-1.jpg\" data-lightbox=\"true\" data-title=\"\"><\/p>\n<div class=\"image-box hover-meta plus-cursor text-center\">\n\t\t\t\t\t\t\t\t\t\t\t    <img decoding=\"async\" src=\"https:\/\/kinexfisioterapia.com.br\/site-novo\/wp-content\/uploads\/2023\/06\/paulista-1.jpg\" alt=\"gallery-item\" \/><\/p>\n<div class=\"meta-caption\">\n<h5 class=\"color-white to-top mb8\"><\/h5>\n<h6 class=\"color-white to-top-after\"><\/h6>\n<\/p><\/div><\/div>\n<p>\t    \t    \t        \t\t\t<\/a>\n\t    \t    \t        \t\t<\/li>\n<li>\n\t\t    \t    \t\t\t\t\t<a href=\"https:\/\/kinexfisioterapia.com.br\/site-novo\/wp-content\/uploads\/2023\/06\/paulista2-1.jpg\" data-lightbox=\"true\" data-title=\"\"><\/p>\n<div class=\"image-box hover-meta plus-cursor text-center\">\n\t\t\t\t\t\t\t\t\t\t\t    <img decoding=\"async\" src=\"https:\/\/kinexfisioterapia.com.br\/site-novo\/wp-content\/uploads\/2023\/06\/paulista2-1.jpg\" alt=\"gallery-item\" \/><\/p>\n<div class=\"meta-caption\">\n<h5 class=\"color-white to-top mb8\"><\/h5>\n<h6 class=\"color-white to-top-after\"><\/h6>\n<\/p><\/div><\/div>\n<p>\t    \t    \t        \t\t\t<\/a>\n\t    \t    \t        \t\t<\/li>\n<\/ul>\n<\/div>\n<p>&nbsp;<\/p>\n<p style=\"color: #000000; text-align: left;\"><strong>Hor\u00e1rio da Unidade Paulista<\/strong><\/p>\n<table style=\"height: 270px;\" width=\"346\">\n<tbody>\n<tr>\n<td>Segunda<\/td>\n<td>\n<div class=\"hrRangeGrp\">\n<div class=\"hrRange\">07:00 \u2012 21:00<\/div>\n<\/div>\n<\/td>\n<\/tr>\n<tr>\n<td>Ter\u00e7a<\/td>\n<td>\n<div class=\"hrRangeGrp\">\n<div class=\"hrRange\">07:00 \u2012 21:00<\/div>\n<\/div>\n<\/td>\n<\/tr>\n<tr>\n<td>Quarta<\/td>\n<td>\n<div class=\"hrRangeGrp\">\n<div class=\"hrRange\">07:00 \u2012 21:00<\/div>\n<\/div>\n<\/td>\n<\/tr>\n<tr>\n<td><span class=\"e_bold\">Quinta<\/span><\/td>\n<td>\n<div class=\"hrRangeGrp\">\n<div class=\"hrRange\"><span class=\"e_bold\">07:00 \u2012 21:00<\/span><\/div>\n<\/div>\n<\/td>\n<\/tr>\n<tr>\n<td>Sexta<\/td>\n<td>\n<div class=\"hrRangeGrp\">\n<div class=\"hrRange\">07:00 \u2012 21:00<\/div>\n<\/div>\n<\/td>\n<\/tr>\n<tr>\n<td>S\u00e1bado<\/td>\n<td>\n<div class=\"hrRangeGrp\">\n<div class=\"hrRange\">Fechado<\/div>\n<\/div>\n<\/td>\n<\/tr>\n<tr>\n<td>Domingo<\/td>\n<td>\n<div class=\"hrRangeGrp\">\n<div class=\"hrRange\">Fechado<\/div>\n<\/div>\n<\/td>\n<\/tr>\n<\/tbody>\n<\/table>\n<p>\n\r\n\t\t\t\t\t<\/div><\/div>\r\n\t\t\t\t<\/article><article class=\"timeline-item\">\r\n\t\t\t\t\t<div class=\"timeline-date\"><div class=\"linetime\"><div class=\"month-text pt10\">VILA MARIANA<\/div><\/div><\/div>\r\n\t\t\t\t\t<div class=\"timeline-body\"><div class=\"timeline-text\"><\/p>\n<p style=\"text-align: center;\"><strong>R. Dr Am\u00e2ncio de Carvalho, 308<\/strong><br \/>\n<strong>Academia Aquasport<\/strong><br \/>\n<strong>Metr\u00f4 Ana Rosa<\/strong><br \/>\n<strong><i class=\"fa fa-whatsapp\"><\/i>\u00a0<a href=\"https:\/\/api.whatsapp.com\/send?phone=5511971540466\" target=\"_blank\" rel=\"noopener\">11 97154-0466<\/a><\/strong><\/p>\n<style type=\"text\/css\">\n\t\t\t#gallery-5 {\n\t\t\t\tmargin: auto;\n\t\t\t}\n\t\t\t#gallery-5 .gallery-item {\n\t\t\t\tfloat: left;\n\t\t\t\tmargin-top: 10px;\n\t\t\t\ttext-align: center;\n\t\t\t\twidth: 100%;\n\t\t\t}\n\t\t\t#gallery-5 img {\n\t\t\t\tborder: 2px solid #cfcfcf;\n\t\t\t}\n\t\t\t#gallery-5 .gallery-caption {\n\t\t\t\tmargin-left: 0;\n\t\t\t}\n\t\t\t\/* see gallery_shortcode() in wp-includes\/media.php *\/\n\t\t<\/style>\n<div id='gallery-5' class='gallery galleryid-27 gallery-columns-1 gallery-size-large'>\n<dl class='gallery-item'>\n<dt class='gallery-icon landscape'>\n\t\t\t\t<a href='https:\/\/kinexfisioterapia.com.br\/site-novo\/unidades\/2021-05-28\/'><img decoding=\"async\" width=\"510\" height=\"510\" src=\"https:\/\/kinexfisioterapia.com.br\/site-novo\/wp-content\/uploads\/2023\/06\/2021-05-28.png\" class=\"attachment-large size-large\" alt=\"\" srcset=\"https:\/\/kinexfisioterapia.com.br\/site-novo\/wp-content\/uploads\/2023\/06\/2021-05-28.png 510w, https:\/\/kinexfisioterapia.com.br\/site-novo\/wp-content\/uploads\/2023\/06\/2021-05-28-300x300.png 300w, https:\/\/kinexfisioterapia.com.br\/site-novo\/wp-content\/uploads\/2023\/06\/2021-05-28-150x150.png 150w, https:\/\/kinexfisioterapia.com.br\/site-novo\/wp-content\/uploads\/2023\/06\/2021-05-28-60x60.png 60w\" sizes=\"(max-width: 510px) 100vw, 510px\" \/><\/a>\n\t\t\t<\/dt>\n<\/dl>\n<p><br style=\"clear: both\" \/>\n\t\t<\/div>\n<p>&nbsp;<\/p>\n<p style=\"color: #000000; text-align: left;\"><strong>Galeria de Fotos<\/strong><\/p>\n<div class=\"lightbox-gallery mt16 mt0-vc third-thumbs\" data-gallery-title=\"Conhe\u00e7a nossas unidades\">\n<ul>\n<li>\n\t\t    \t    \t\t\t\t\t<a href=\"https:\/\/kinexfisioterapia.com.br\/site-novo\/wp-content\/uploads\/2023\/06\/mariana.jpg\" data-lightbox=\"true\" data-title=\"\"><\/p>\n<div class=\"image-box hover-meta plus-cursor text-center\">\n\t\t\t\t\t\t\t\t\t\t\t    <img decoding=\"async\" src=\"https:\/\/kinexfisioterapia.com.br\/site-novo\/wp-content\/uploads\/2023\/06\/mariana.jpg\" alt=\"gallery-item\" \/><\/p>\n<div class=\"meta-caption\">\n<h5 class=\"color-white to-top mb8\"><\/h5>\n<h6 class=\"color-white to-top-after\"><\/h6>\n<\/p><\/div><\/div>\n<p>\t    \t    \t        \t\t\t<\/a>\n\t    \t    \t        \t\t<\/li>\n<li>\n\t\t    \t    \t\t\t\t\t<a href=\"https:\/\/kinexfisioterapia.com.br\/site-novo\/wp-content\/uploads\/2023\/06\/vila-mariana-kinex-1.jpg\" data-lightbox=\"true\" data-title=\"\"><\/p>\n<div class=\"image-box hover-meta plus-cursor text-center\">\n\t\t\t\t\t\t\t\t\t\t\t    <img decoding=\"async\" src=\"https:\/\/kinexfisioterapia.com.br\/site-novo\/wp-content\/uploads\/2023\/06\/vila-mariana-kinex-1.jpg\" alt=\"gallery-item\" \/><\/p>\n<div class=\"meta-caption\">\n<h5 class=\"color-white to-top mb8\"><\/h5>\n<h6 class=\"color-white to-top-after\"><\/h6>\n<\/p><\/div><\/div>\n<p>\t    \t    \t        \t\t\t<\/a>\n\t    \t    \t        \t\t<\/li>\n<li>\n\t\t    \t    \t\t\t\t\t<a href=\"https:\/\/kinexfisioterapia.com.br\/site-novo\/wp-content\/uploads\/2023\/06\/vmrecovery-kinex.jpg\" data-lightbox=\"true\" data-title=\"\"><\/p>\n<div class=\"image-box hover-meta plus-cursor text-center\">\n\t\t\t\t\t\t\t\t\t\t\t    <img decoding=\"async\" src=\"https:\/\/kinexfisioterapia.com.br\/site-novo\/wp-content\/uploads\/2023\/06\/vmrecovery-kinex.jpg\" alt=\"gallery-item\" \/><\/p>\n<div class=\"meta-caption\">\n<h5 class=\"color-white to-top mb8\"><\/h5>\n<h6 class=\"color-white to-top-after\"><\/h6>\n<\/p><\/div><\/div>\n<p>\t    \t    \t        \t\t\t<\/a>\n\t    \t    \t        \t\t<\/li>\n<\/ul>\n<\/div>\n<p>&nbsp;<\/p>\n<p style=\"color: #000000; text-align: left;\"><strong>Hor\u00e1rio da unidade Vila Mariana<\/strong><\/p>\n<table style=\"height: 270px;\" width=\"346\">\n<tbody>\n<tr>\n<td>Segunda<\/td>\n<td>\n<div class=\"hrRangeGrp\">\n<div class=\"hrRange\">07:00 \u2012 21:00<\/div>\n<\/div>\n<\/td>\n<\/tr>\n<tr>\n<td>Ter\u00e7a<\/td>\n<td>\n<div class=\"hrRangeGrp\">\n<div class=\"hrRange\">07:00 \u2012 21:00<\/div>\n<\/div>\n<\/td>\n<\/tr>\n<tr>\n<td>Quarta<\/td>\n<td>\n<div class=\"hrRangeGrp\">\n<div class=\"hrRange\">07:00 \u2012 21:00<\/div>\n<\/div>\n<\/td>\n<\/tr>\n<tr>\n<td><span class=\"e_bold\">Quinta<\/span><\/td>\n<td>\n<div class=\"hrRangeGrp\">\n<div class=\"hrRange\"><span class=\"e_bold\">07:00 \u2012 21:00<\/span><\/div>\n<\/div>\n<\/td>\n<\/tr>\n<tr>\n<td>Sexta<\/td>\n<td>\n<div class=\"hrRangeGrp\">\n<div class=\"hrRange\">07:00 \u2012 21:00<\/div>\n<\/div>\n<\/td>\n<\/tr>\n<tr>\n<td>S\u00e1bado<\/td>\n<td>\n<div class=\"hrRangeGrp\">\n<div class=\"hrRange\">08:00 \u2012 14:00<\/div>\n<\/div>\n<\/td>\n<\/tr>\n<tr>\n<td>Domingo<\/td>\n<td>\n<div class=\"hrRangeGrp\">\n<div class=\"hrRange\">Fechado<\/div>\n<\/div>\n<\/td>\n<\/tr>\n<\/tbody>\n<\/table>\n<p>\n\r\n\t\t\t\t\t<\/div><\/div>\r\n\t\t\t\t<\/article><article class=\"timeline-item\">\r\n\t\t\t\t\t<div class=\"timeline-date\"><div class=\"linetime\"><div class=\"month-text pt10\">CH\u00c1CARA SANTO ANT\u00d4NIO<\/div><\/div><\/div>\r\n\t\t\t\t\t<div class=\"timeline-body\"><div class=\"timeline-text\"><\/p>\n<p style=\"text-align: center;\"><strong>Rua Verbo Divino 986 &#8211; Piso Superior, loja PS 2 S\u00e3o Paulo &#8211; SP<\/strong><br \/>\n<strong>CEP: 04719-001<\/strong><br \/>\n<strong>Ch\u00e1cara Santo Ant\u00f4nio (Zona Sul)<\/strong><br \/>\n<strong><i class=\"fa fa-whatsapp\"><\/i>\u00a0<a href=\"https:\/\/api.whatsapp.com\/send?phone=5511974970961\" target=\"_blank\" rel=\"noopener\">11 97497-0961<\/a><\/strong><\/p>\n<p>&nbsp;<\/p>\n<p style=\"color: #000000; text-align: left;\"><strong>Galeria de Fotos<\/strong><\/p>\n<div class=\"lightbox-gallery mt16 mt0-vc third-thumbs\" data-gallery-title=\"Conhe\u00e7a nossas unidades\">\n<ul>\n<li>\n\t\t    \t    \t\t\t\t\t<a href=\"https:\/\/kinexfisioterapia.com.br\/site-novo\/wp-content\/uploads\/2023\/06\/chacara.jpg\" data-lightbox=\"true\" data-title=\"\"><\/p>\n<div class=\"image-box hover-meta plus-cursor text-center\">\n\t\t\t\t\t\t\t\t\t\t\t    <img decoding=\"async\" src=\"https:\/\/kinexfisioterapia.com.br\/site-novo\/wp-content\/uploads\/2023\/06\/chacara.jpg\" alt=\"gallery-item\" \/><\/p>\n<div class=\"meta-caption\">\n<h5 class=\"color-white to-top mb8\"><\/h5>\n<h6 class=\"color-white to-top-after\"><\/h6>\n<\/p><\/div><\/div>\n<p>\t    \t    \t        \t\t\t<\/a>\n\t    \t    \t        \t\t<\/li>\n<\/ul>\n<\/div>\n<p>&nbsp;<\/p>\n<p style=\"color: #000000; text-align: left;\"><strong>Hor\u00e1rio da unidade Ch\u00e1cara Santo Ant\u00f4nio<\/strong><\/p>\n<table style=\"height: 270px;\" width=\"346\">\n<tbody>\n<tr>\n<td>Segunda<\/td>\n<td>\n<div class=\"hrRangeGrp\">\n<div class=\"hrRange\">07:00 \u2012 21:00<\/div>\n<\/div>\n<\/td>\n<\/tr>\n<tr>\n<td>Ter\u00e7a<\/td>\n<td>\n<div class=\"hrRangeGrp\">\n<div class=\"hrRange\">07:00 \u2012 21:00<\/div>\n<\/div>\n<\/td>\n<\/tr>\n<tr>\n<td>Quarta<\/td>\n<td>\n<div class=\"hrRangeGrp\">\n<div class=\"hrRange\">07:00 \u2012 21:00<\/div>\n<\/div>\n<\/td>\n<\/tr>\n<tr>\n<td><span class=\"e_bold\">Quinta<\/span><\/td>\n<td>\n<div class=\"hrRangeGrp\">\n<div class=\"hrRange\"><span class=\"e_bold\">07:00 \u2012 21:00<\/span><\/div>\n<\/div>\n<\/td>\n<\/tr>\n<tr>\n<td>Sexta<\/td>\n<td>\n<div class=\"hrRangeGrp\">\n<div class=\"hrRange\">07:00 \u2012 21:00<\/div>\n<\/div>\n<\/td>\n<\/tr>\n<tr>\n<td>S\u00e1bado<\/td>\n<td>\n<div class=\"hrRangeGrp\">\n<div class=\"hrRange\">Fechado<\/div>\n<\/div>\n<\/td>\n<\/tr>\n<tr>\n<td>Domingo<\/td>\n<td>\n<div class=\"hrRangeGrp\">\n<div class=\"hrRange\">Fechado<\/div>\n<\/div>\n<\/td>\n<\/tr>\n<\/tbody>\n<\/table>\n<p>\n\r\n\t\t\t\t\t<\/div><\/div>\r\n\t\t\t\t<\/article><article class=\"timeline-item\">\r\n\t\t\t\t\t<div class=\"timeline-date\"><div class=\"linetime\"><div class=\"month-text pt10\">ITAIM<\/div><\/div><\/div>\r\n\t\t\t\t\t<div class=\"timeline-body\"><div class=\"timeline-text\"><\/p>\n<p style=\"text-align: center;\"><strong>R. Clodomiro Amazonas, 279 &#8211; Itaim Bibi =\u00a0 S\u00e3o Paulo &#8211; SP<\/strong><br \/>\n<strong><a href=\"https:\/\/api.whatsapp.com\/send?phone=5511916942022\" data-dtype=\"d3ph\" data-local-attribute=\"d3ph\" data-ved=\"2ahUKEwjr7NDa1rH-AhWGpJUCHcXPDdQQkAgoAHoECBQQAw\"><span aria-label=\"Ligar para (11) 91694-2022\">(11) 91694-2022<\/span><\/a><\/strong><\/p>\n<p>&nbsp;<\/p>\n<p style=\"color: #000000; text-align: left;\"><strong>Galeria de Fotos<\/strong><\/p>\n<div class=\"lightbox-gallery mt16 mt0-vc third-thumbs\" data-gallery-title=\"Conhe\u00e7a nossas unidades\">\n<ul>\n<li>\n\t\t    \t    \t\t\t\t\t<a href=\"https:\/\/kinexfisioterapia.com.br\/site-novo\/wp-content\/uploads\/2023\/06\/itaim.jpg\" data-lightbox=\"true\" data-title=\"\"><\/p>\n<div class=\"image-box hover-meta plus-cursor text-center\">\n\t\t\t\t\t\t\t\t\t\t\t    <img decoding=\"async\" src=\"https:\/\/kinexfisioterapia.com.br\/site-novo\/wp-content\/uploads\/2023\/06\/itaim.jpg\" alt=\"gallery-item\" \/><\/p>\n<div class=\"meta-caption\">\n<h5 class=\"color-white to-top mb8\"><\/h5>\n<h6 class=\"color-white to-top-after\"><\/h6>\n<\/p><\/div><\/div>\n<p>\t    \t    \t        \t\t\t<\/a>\n\t    \t    \t        \t\t<\/li>\n<li>\n\t\t    \t    \t\t\t\t\t<a href=\"https:\/\/kinexfisioterapia.com.br\/site-novo\/wp-content\/uploads\/2023\/06\/itam2.jpg\" data-lightbox=\"true\" data-title=\"\"><\/p>\n<div class=\"image-box hover-meta plus-cursor text-center\">\n\t\t\t\t\t\t\t\t\t\t\t    <img decoding=\"async\" src=\"https:\/\/kinexfisioterapia.com.br\/site-novo\/wp-content\/uploads\/2023\/06\/itam2.jpg\" alt=\"gallery-item\" \/><\/p>\n<div class=\"meta-caption\">\n<h5 class=\"color-white to-top mb8\"><\/h5>\n<h6 class=\"color-white to-top-after\"><\/h6>\n<\/p><\/div><\/div>\n<p>\t    \t    \t        \t\t\t<\/a>\n\t    \t    \t        \t\t<\/li>\n<\/ul>\n<\/div>\n<p style=\"color: #000000; text-align: left;\"><strong>Hor\u00e1rios da unidade Itaim<\/strong><\/p>\n<table style=\"height: 270px;\" width=\"346\">\n<tbody>\n<tr>\n<td>Segunda<\/td>\n<td>\n<div class=\"hrRangeGrp\">\n<div class=\"hrRange\">07:00 \u2012 20:00<\/div>\n<\/div>\n<\/td>\n<\/tr>\n<tr>\n<td>Ter\u00e7a<\/td>\n<td>\n<div class=\"hrRangeGrp\">\n<div class=\"hrRange\">07:00 \u2012 20:00<\/div>\n<\/div>\n<\/td>\n<\/tr>\n<tr>\n<td>Quarta<\/td>\n<td>\n<div class=\"hrRangeGrp\">\n<div class=\"hrRange\">07:00 \u2012 20:00<\/div>\n<\/div>\n<\/td>\n<\/tr>\n<tr>\n<td><span class=\"e_bold\">Quinta<\/span><\/td>\n<td>\n<div class=\"hrRangeGrp\">\n<div class=\"hrRange\"><span class=\"e_bold\">07:00 \u2012 20:00<\/span><\/div>\n<\/div>\n<\/td>\n<\/tr>\n<tr>\n<td>Sexta<\/td>\n<td>\n<div class=\"hrRangeGrp\">\n<div class=\"hrRange\">07:00 \u2012 20:00<\/div>\n<\/div>\n<\/td>\n<\/tr>\n<tr>\n<td>S\u00e1bado<\/td>\n<td>\n<div class=\"hrRangeGrp\">\n<div class=\"hrRange\">Fechado<\/div>\n<\/div>\n<\/td>\n<\/tr>\n<tr>\n<td>Domingo<\/td>\n<td>\n<div class=\"hrRangeGrp\">\n<div class=\"hrRange\">Fechado<\/div>\n<\/div>\n<\/td>\n<\/tr>\n<\/tbody>\n<\/table>\n<p>\n\r\n\t\t\t\t\t<\/div><\/div>\r\n\t\t\t\t<\/article><\/div>[\/vc_column_inner][\/vc_row_inner][\/vc_column][\/vc_row][vc_row css=&#8221;.vc_custom_1688750691998{margin: 0px !important;padding: 0px !important;border: 0px initial !important;}&#8221;][vc_column css=&#8221;.vc_custom_1688750669337{margin: 0px !important;padding: 0px !important;border: 0px initial !important;}&#8221;][vc_raw_html css=&#8221;.vc_custom_1688750647140{margin: 0px !important;padding: 0px !important;border: 0px initial !important;}&#8221;]JTNDc3R5bGUlM0UlMjAudGltZWxpbmUtdGV4dCUzQWJlZm9yZSUyMCU3QiUyMGRpc3BsYXklM0Fub25lJTNCJTdEJTIwaDUlN0Jjb2xvciUzQSUyMzAwMCU3RCUyMC5iZy1kYXJrJTIwLnRpbWVsaW5lJTNBYmVmb3JlJTIwJTdCJTBBJTIwJTIwJTIwJTIwYmFja2dyb3VuZC1jb2xvciUzQSUyMCUyMzRDRkYwMSUyMWltcG9ydGFudCUzQiUwQSU3RCUwQXRhYmxlJTIwJTdCJTBBJTIwJTIwJTIwJTIwbWFyZ2luLXRvcCUzQTIwcHglM0IlMEElN0QlMEElNDBtZWRpYSUyMG9ubHklMjBzY3JlZW4lMjBhbmQlMjAlMjhtYXgtd2lkdGglM0ElMjA0NzlweCUyOSU3QiUwQS5jb250YWluZXIlMjAlN0IlMEFtYXJnaW4lM0E1JTI1JTIwJTIxaW1wb3J0YW50JTNCJTBBd2lkdGglM0E5NSUyNSUyMWltcG9ydGFudCUzQiUwQSUyMCUyMCUyMCUyMCUwQSU3RCUwQSU3RCUwQS50aW1lbGluZS10ZXh0JTIwYSUyQyUyMC50aW1lbGluZS10ZXh0JTIwYSUzQWhvdmVyJTIwJTdCJTBBJTIwJTIwJTIwJTIwY29sb3IlM0ElMjAlMjMwMDAlM0IlMEElMjAlMjAlMjAlMjB0ZXh0LWRlY29yYXRpb24lM0ElMjB1bmRlcmxpbmUlM0IlMEElN0QudGltZWxpbmUlMjAudGltZWxpbmUtaXRlbSUyMC50aW1lbGluZS1kYXRlJTIwLmxpbmV0aW1lJTIwLm1vbnRoLXRleHQlMjAlN0IlMEElMjAlMjAlMjAlMjBjb2xvciUzQSUyMCUyMzAwMCUyMCUyMWltcG9ydGFudCUzQiU3RCUyMC5iZy1kYXJrJTIwLnRpbWVsaW5lJTIwLnRpbWVsaW5lLWl0ZW0lMjAudGltZWxpbmUtYm9keSUyMC50aW1lbGluZS10ZXh0JTIwJTdCJTBBJTIwJTIwJTIwJTIwbWFyZ2luJTNBJTIwMjBweCUyMDBweCUyMWltcG9ydGFudCUzQiUwQSUyMCUyMCUyMCUyMGJhY2tncm91bmQtY29sb3IlM0ElMjAlMjM4Y2FlOTUyMSUzQiUwQSUyMCUyMCUyMCUyMGJvcmRlci1jb2xvciUzQSUyMCUyM2NjYyUzQiUwQSUyMCUyMCUyMCUyMGNvbG9yJTNBJTIwJTIzMDAwJTIxaW1wb3J0YW50JTNCJTBBJTdEJTNDJTJGc3R5bGUlM0U=[\/vc_raw_html][\/vc_column][\/vc_row][vc_row full_width=&#8221;stretch_row_content&#8221; tlg_background_style=&#8221;bg-primary&#8221;][vc_column width=&#8221;1\/6&#8243;][\/vc_column][vc_column width=&#8221;2\/3&#8243;][vc_column_text]<\/p>\n<h5>Informa\u00e7\u00f5es Para Novos Pacientes<\/h5>\n<p>Em sua primeira consulta, ser\u00e1 requerido que voc\u00ea nos esclare\u00e7a sobre sua les\u00e3o e por isso n\u00e3o esque\u00e7a de trazer todos os exames pr\u00e9vios j\u00e1 realizados. Todo hist\u00f3rico m\u00e9dico e fisioter\u00e1pico \u00e9 fundamental para que possamos estabelecer um diagn\u00f3stico funcional exato e indicar o melhor tratamento<br \/>\nContamos com estacionamento gratuito com manobrista.<br \/>\nConsultas em domic\u00edlio tamb\u00e9m podem ser agendadas atrav\u00e9s do nosso site!.[\/vc_column_text][\/vc_column][vc_column width=&#8221;1\/6&#8243;][\/vc_column][\/vc_row][vc_row][vc_column width=&#8221;1\/6&#8243;][\/vc_column][vc_column width=&#8221;2\/3&#8243;]<div class=\"headings-title  wpb_animate_when_almost_visible wpb_bottom-to-top bottom-to-top\"><div class=\"mb72  mb-xs-40 text-center\"><h5  class=\"widgettitle \">Agende<\/h5><div class=\"divider-wrap\"><div  class=\"tlg-divider\"><\/div><\/div><div  class=\"widgetsubtitle\">Reserve agora seu hor\u00e1rio!<\/div><\/div><\/div>\n<div class=\"wpcf7 no-js\" id=\"wpcf7-f4434-o1\" lang=\"en-US\" dir=\"ltr\" data-wpcf7-id=\"4434\">\n<div class=\"screen-reader-response\"><p role=\"status\" aria-live=\"polite\" aria-atomic=\"true\"><\/p> <ul><\/ul><\/div>\n<form action=\"\/site-novo\/wp-json\/wp\/v2\/pages\/27#wpcf7-f4434-o1\" method=\"post\" class=\"wpcf7-form init\" aria-label=\"Contact form\" novalidate=\"novalidate\" data-status=\"init\">\n<div style=\"display: none;\">\n<input type=\"hidden\" name=\"_wpcf7\" value=\"4434\" \/>\n<input type=\"hidden\" name=\"_wpcf7_version\" value=\"6.0.6\" \/>\n<input type=\"hidden\" name=\"_wpcf7_locale\" value=\"en_US\" \/>\n<input type=\"hidden\" name=\"_wpcf7_unit_tag\" value=\"wpcf7-f4434-o1\" \/>\n<input type=\"hidden\" name=\"_wpcf7_container_post\" value=\"0\" \/>\n<input type=\"hidden\" name=\"_wpcf7_posted_data_hash\" value=\"\" \/>\n<input type=\"hidden\" name=\"_wpcf7_recaptcha_response\" value=\"\" \/>\n<\/div>\n<div style=\"width:100%\">\n\t<p><span class=\"wpcf7-form-control-wrap\" data-name=\"menu-376\"><select class=\"wpcf7-form-control wpcf7-select vc_column_container\" aria-invalid=\"false\" name=\"menu-376\"><option value=\"Escolha uma Unidade\">Escolha uma Unidade<\/option><option value=\"Vila Mariana\">Vila Mariana<\/option><option value=\"Vila Madalena\">Vila Madalena<\/option><option value=\"Ch\u00e1cara Santo Ant\u00f4nio\">Ch\u00e1cara Santo Ant\u00f4nio<\/option><option value=\"Paulista\">Paulista<\/option><option value=\"Itaim\">Itaim<\/option><\/select><\/span>\n\t<\/p>\n<\/div>\n<div class=\"half-column half-column-left\">\n\t<p><span class=\"wpcf7-form-control-wrap\" data-name=\"your-name\"><input size=\"40\" maxlength=\"400\" class=\"wpcf7-form-control wpcf7-text wpcf7-validates-as-required\" aria-required=\"true\" aria-invalid=\"false\" placeholder=\"Nome Completo\" value=\"\" type=\"text\" name=\"your-name\" \/><\/span><span class=\"wpcf7-form-control-wrap\" data-name=\"your-email\"><input size=\"40\" maxlength=\"400\" class=\"wpcf7-form-control wpcf7-email wpcf7-validates-as-required wpcf7-text wpcf7-validates-as-email\" aria-required=\"true\" aria-invalid=\"false\" placeholder=\"E-mail\" value=\"\" type=\"email\" name=\"your-email\" \/><\/span><span class=\"wpcf7-form-control-wrap\" data-name=\"date\"><input class=\"wpcf7-form-control wpcf7-date wpcf7-validates-as-date\" aria-invalid=\"false\" placeholder=\"Data do agendamento\" value=\"\" type=\"date\" name=\"date\" \/><\/span><span class=\"wpcf7-form-control-wrap\" data-name=\"telefone\"><input size=\"40\" maxlength=\"400\" class=\"wpcf7-form-control wpcf7-tel wpcf7-text wpcf7-validates-as-tel\" aria-invalid=\"false\" placeholder=\"Celular\" value=\"\" type=\"tel\" name=\"telefone\" \/><\/span>\n\t<\/p>\n<\/div>\n<div class=\"half-column half-column-right\">\n\t<p><span class=\"wpcf7-form-control-wrap\" data-name=\"your-message\"><textarea cols=\"40\" rows=\"10\" maxlength=\"2000\" class=\"wpcf7-form-control wpcf7-textarea\" aria-invalid=\"false\" placeholder=\"Mais Informa\u00e7\u00f5es\" name=\"your-message\"><\/textarea><\/span>\n\t<\/p>\n<\/div>\n<p><input class=\"wpcf7-form-control wpcf7-submit has-spinner\" type=\"submit\" value=\"Agendar\" \/>\n<\/p><p style=\"display: none !important;\"><label>&#916;<textarea name=\"_wpcf7_ak_hp_textarea\" cols=\"45\" rows=\"8\" maxlength=\"100\"><\/textarea><\/label><input type=\"hidden\" id=\"ak_js_1\" name=\"_wpcf7_ak_js\" value=\"14\"\/><script>document.getElementById( \"ak_js_1\" ).setAttribute( \"value\", ( new Date() ).getTime() );<\/script><\/p><div class=\"wpcf7-response-output\" aria-hidden=\"true\"><\/div>\n<\/form>\n<\/div>\n[\/vc_column][vc_column width=&#8221;1\/6&#8243;][\/vc_column][\/vc_row]<\/p>\n<\/div>","protected":false},"excerpt":{"rendered":"<p>[vc_row tlg_background_style=&#8221;bg-dark&#8221; el_id=&#8221;timetable&#8221; css=&#8221;.vc_custom_1685994955041{background-color: #ffffff !important;}&#8221;][vc_column][vc_row_inner css=&#8221;.vc_custom_1688750792369{margin-right: 0px !important;margin-left: 0px !important;padding-right: 0px !important;padding-left: 00px !important;}&#8221;][vc_column_inner][\/vc_column_inner][\/vc_row_inner][\/vc_column][\/vc_row][vc_row css=&#8221;.vc_custom_1688750691998{margin:&#8230;<\/p>\n","protected":false},"author":2,"featured_media":0,"parent":0,"menu_order":0,"comment_status":"closed","ping_status":"closed","template":"","meta":{"_acf_changed":false,"_monsterinsights_skip_tracking":false,"_monsterinsights_sitenote_active":false,"_monsterinsights_sitenote_note":"","_monsterinsights_sitenote_category":0,"footnotes":""},"class_list":["post-27","page","type-page","status-publish","hentry"],"acf":[],"yoast_head":"<!-- This site is optimized with the Yoast SEO plugin v27.2 - https:\/\/yoast.com\/product\/yoast-seo-wordpress\/ -->\n<title>Fisioterapia esportiva em S\u00e3o Paulo | 3 Unidades Kinex Fisioterapia<\/title>\n<meta name=\"description\" content=\"A Kinex Fisioterapia conta com toda a infraestrutura adequada para reabilita\u00e7\u00e3o, retorno a atividade f\u00edsica e preven\u00e7\u00e3o de seus pacientes em 3 unidades: Vila Mariana, Vila Madalena e Ch\u00e1cara Santo Ant\u00f4nio. Agende uma avalia\u00e7\u00e3o e fa\u00e7o seu acompanhamento esportivo na Kinex Fisioterapia!\" \/>\n<meta name=\"robots\" content=\"index, follow, max-snippet:-1, max-image-preview:large, max-video-preview:-1\" \/>\n<link rel=\"canonical\" href=\"https:\/\/kinexfisioterapia.com.br\/site-novo\/unidades\/\" \/>\n<meta property=\"og:locale\" content=\"pt_BR\" \/>\n<meta property=\"og:type\" content=\"article\" \/>\n<meta property=\"og:title\" content=\"Fisioterapia esportiva em S\u00e3o Paulo | 3 Unidades Kinex Fisioterapia\" \/>\n<meta property=\"og:description\" content=\"A Kinex Fisioterapia conta com toda a infraestrutura adequada para reabilita\u00e7\u00e3o, retorno a atividade f\u00edsica e preven\u00e7\u00e3o de seus pacientes em 3 unidades: Vila Mariana, Vila Madalena e Ch\u00e1cara Santo Ant\u00f4nio. Agende uma avalia\u00e7\u00e3o e fa\u00e7o seu acompanhamento esportivo na Kinex Fisioterapia!\" \/>\n<meta property=\"og:url\" content=\"https:\/\/kinexfisioterapia.com.br\/site-novo\/unidades\/\" \/>\n<meta property=\"og:site_name\" content=\"Kinex Fisioterapia\" \/>\n<meta property=\"article:modified_time\" content=\"2024-04-09T09:11:41+00:00\" \/>\n<meta name=\"twitter:card\" content=\"summary_large_image\" \/>\n<meta name=\"twitter:label1\" content=\"Est. tempo de leitura\" \/>\n\t<meta name=\"twitter:data1\" content=\"3 minutos\" \/>\n<script type=\"application\/ld+json\" class=\"yoast-schema-graph\">{\"@context\":\"https:\/\/schema.org\",\"@graph\":[{\"@type\":\"WebPage\",\"@id\":\"https:\/\/kinexfisioterapia.com.br\/site-novo\/unidades\/\",\"url\":\"https:\/\/kinexfisioterapia.com.br\/site-novo\/unidades\/\",\"name\":\"Fisioterapia esportiva em S\u00e3o Paulo | 3 Unidades Kinex Fisioterapia\",\"isPartOf\":{\"@id\":\"https:\/\/kinexfisioterapia.com.br\/site-novo\/#website\"},\"datePublished\":\"2016-04-27T16:36:11+00:00\",\"dateModified\":\"2024-04-09T09:11:41+00:00\",\"description\":\"A Kinex Fisioterapia conta com toda a infraestrutura adequada para reabilita\u00e7\u00e3o, retorno a atividade f\u00edsica e preven\u00e7\u00e3o de seus pacientes em 3 unidades: Vila Mariana, Vila Madalena e Ch\u00e1cara Santo Ant\u00f4nio. Agende uma avalia\u00e7\u00e3o e fa\u00e7o seu acompanhamento esportivo na Kinex Fisioterapia!\",\"inLanguage\":\"pt-BR\",\"potentialAction\":[{\"@type\":\"ReadAction\",\"target\":[\"https:\/\/kinexfisioterapia.com.br\/site-novo\/unidades\/\"]}]},{\"@type\":\"WebSite\",\"@id\":\"https:\/\/kinexfisioterapia.com.br\/site-novo\/#website\",\"url\":\"https:\/\/kinexfisioterapia.com.br\/site-novo\/\",\"name\":\"Kinex Fisioterapia\",\"description\":\"Sa\u00fade e cuidado perto de voc\u00ea\",\"potentialAction\":[{\"@type\":\"SearchAction\",\"target\":{\"@type\":\"EntryPoint\",\"urlTemplate\":\"https:\/\/kinexfisioterapia.com.br\/site-novo\/?s={search_term_string}\"},\"query-input\":{\"@type\":\"PropertyValueSpecification\",\"valueRequired\":true,\"valueName\":\"search_term_string\"}}],\"inLanguage\":\"pt-BR\"}]}<\/script>\n<!-- \/ Yoast SEO plugin. -->","yoast_head_json":{"title":"Fisioterapia esportiva em S\u00e3o Paulo | 3 Unidades Kinex Fisioterapia","description":"A Kinex Fisioterapia conta com toda a infraestrutura adequada para reabilita\u00e7\u00e3o, retorno a atividade f\u00edsica e preven\u00e7\u00e3o de seus pacientes em 3 unidades: Vila Mariana, Vila Madalena e Ch\u00e1cara Santo Ant\u00f4nio. Agende uma avalia\u00e7\u00e3o e fa\u00e7o seu acompanhamento esportivo na Kinex Fisioterapia!","robots":{"index":"index","follow":"follow","max-snippet":"max-snippet:-1","max-image-preview":"max-image-preview:large","max-video-preview":"max-video-preview:-1"},"canonical":"https:\/\/kinexfisioterapia.com.br\/site-novo\/unidades\/","og_locale":"pt_BR","og_type":"article","og_title":"Fisioterapia esportiva em S\u00e3o Paulo | 3 Unidades Kinex Fisioterapia","og_description":"A Kinex Fisioterapia conta com toda a infraestrutura adequada para reabilita\u00e7\u00e3o, retorno a atividade f\u00edsica e preven\u00e7\u00e3o de seus pacientes em 3 unidades: Vila Mariana, Vila Madalena e Ch\u00e1cara Santo Ant\u00f4nio. Agende uma avalia\u00e7\u00e3o e fa\u00e7o seu acompanhamento esportivo na Kinex Fisioterapia!","og_url":"https:\/\/kinexfisioterapia.com.br\/site-novo\/unidades\/","og_site_name":"Kinex Fisioterapia","article_modified_time":"2024-04-09T09:11:41+00:00","twitter_card":"summary_large_image","twitter_misc":{"Est. tempo de leitura":"3 minutos"},"schema":{"@context":"https:\/\/schema.org","@graph":[{"@type":"WebPage","@id":"https:\/\/kinexfisioterapia.com.br\/site-novo\/unidades\/","url":"https:\/\/kinexfisioterapia.com.br\/site-novo\/unidades\/","name":"Fisioterapia esportiva em S\u00e3o Paulo | 3 Unidades Kinex Fisioterapia","isPartOf":{"@id":"https:\/\/kinexfisioterapia.com.br\/site-novo\/#website"},"datePublished":"2016-04-27T16:36:11+00:00","dateModified":"2024-04-09T09:11:41+00:00","description":"A Kinex Fisioterapia conta com toda a infraestrutura adequada para reabilita\u00e7\u00e3o, retorno a atividade f\u00edsica e preven\u00e7\u00e3o de seus pacientes em 3 unidades: Vila Mariana, Vila Madalena e Ch\u00e1cara Santo Ant\u00f4nio. Agende uma avalia\u00e7\u00e3o e fa\u00e7o seu acompanhamento esportivo na Kinex Fisioterapia!","inLanguage":"pt-BR","potentialAction":[{"@type":"ReadAction","target":["https:\/\/kinexfisioterapia.com.br\/site-novo\/unidades\/"]}]},{"@type":"WebSite","@id":"https:\/\/kinexfisioterapia.com.br\/site-novo\/#website","url":"https:\/\/kinexfisioterapia.com.br\/site-novo\/","name":"Kinex Fisioterapia","description":"Sa\u00fade e cuidado perto de voc\u00ea","potentialAction":[{"@type":"SearchAction","target":{"@type":"EntryPoint","urlTemplate":"https:\/\/kinexfisioterapia.com.br\/site-novo\/?s={search_term_string}"},"query-input":{"@type":"PropertyValueSpecification","valueRequired":true,"valueName":"search_term_string"}}],"inLanguage":"pt-BR"}]}},"_links":{"self":[{"href":"https:\/\/kinexfisioterapia.com.br\/site-novo\/wp-json\/wp\/v2\/pages\/27","targetHints":{"allow":["GET"]}}],"collection":[{"href":"https:\/\/kinexfisioterapia.com.br\/site-novo\/wp-json\/wp\/v2\/pages"}],"about":[{"href":"https:\/\/kinexfisioterapia.com.br\/site-novo\/wp-json\/wp\/v2\/types\/page"}],"author":[{"embeddable":true,"href":"https:\/\/kinexfisioterapia.com.br\/site-novo\/wp-json\/wp\/v2\/users\/2"}],"replies":[{"embeddable":true,"href":"https:\/\/kinexfisioterapia.com.br\/site-novo\/wp-json\/wp\/v2\/comments?post=27"}],"version-history":[{"count":87,"href":"https:\/\/kinexfisioterapia.com.br\/site-novo\/wp-json\/wp\/v2\/pages\/27\/revisions"}],"predecessor-version":[{"id":7093,"href":"https:\/\/kinexfisioterapia.com.br\/site-novo\/wp-json\/wp\/v2\/pages\/27\/revisions\/7093"}],"wp:attachment":[{"href":"https:\/\/kinexfisioterapia.com.br\/site-novo\/wp-json\/wp\/v2\/media?parent=27"}],"curies":[{"name":"wp","href":"https:\/\/api.w.org\/{rel}","templated":true}]}}